{"id":1013,"date":"2025-10-18T15:59:42","date_gmt":"2025-10-18T13:59:42","guid":{"rendered":"https:\/\/acuproduction.com\/?page_id=1013"},"modified":"2026-03-23T15:14:44","modified_gmt":"2026-03-23T14:14:44","slug":"sorties-cinema","status":"publish","type":"page","link":"https:\/\/acuproduction.com\/index.php\/sorties-cinema\/","title":{"rendered":"Sorties cin\u00e9ma"},"content":{"rendered":"\n<h2>Le film arrive dans la vall\u00e9e de Guebwiller le samedi 11 avril \u00e0 20h ! <\/h2>\n\n\n\n<div class=\"wp-block-media-text alignwide is-stacked-on-mobile\"><figure class=\"wp-block-media-text__media\"><img decoding=\"async\" loading=\"lazy\" width=\"1024\" height=\"726\" src=\"https:\/\/acuproduction.com\/wp-content\/uploads\/2026\/02\/Rouge-et-Noir-Retro-Vintage-Joyeux-Noel-Photos-Carte-2-1024x726.png\" alt=\"\" class=\"wp-image-1168 size-full\" srcset=\"https:\/\/acuproduction.com\/wp-content\/uploads\/2026\/02\/Rouge-et-Noir-Retro-Vintage-Joyeux-Noel-Photos-Carte-2-1024x726.png 1024w, https:\/\/acuproduction.com\/wp-content\/uploads\/2026\/02\/Rouge-et-Noir-Retro-Vintage-Joyeux-Noel-Photos-Carte-2-300x213.png 300w, https:\/\/acuproduction.com\/wp-content\/uploads\/2026\/02\/Rouge-et-Noir-Retro-Vintage-Joyeux-Noel-Photos-Carte-2.png 1748w\" sizes=\"(max-width: 1024px) 100vw, 1024px\" \/><\/figure><div class=\"wp-block-media-text__content\">\n<p>Vous n\u2019avez pas encore vu LABEUR DE LABOURS ? <img decoding=\"async\" loading=\"lazy\" height=\"16\" width=\"16\" alt=\"\ud83c\udf3e\" src=\"https:\/\/static.xx.fbcdn.net\/images\/emoji.php\/v9\/t9d\/1\/16\/1f33e.png\"><img decoding=\"async\" loading=\"lazy\" height=\"16\" width=\"16\" alt=\"\ud83c\udfac\" src=\"https:\/\/static.xx.fbcdn.net\/images\/emoji.php\/v9\/t2d\/1\/16\/1f3ac.png\"><\/p>\n\n\n\n<p>La tourn\u00e9e continue et on vous donne rendez-vous dans un cin\u00e9ma au programme ultra vivant : le <a href=\"https:\/\/www.facebook.com\/cinemaleflorival?__cft__[0]=AZanBaJyfWYlMXDhCXRi1o-PoOqV1HP5MmFAmpDGNA6QAM6kojExpqj0NumIs9m0f6qkxR4TRs6MUo7L6zK1oksrSdd4SpGwkBrUY78QlcVukf--d19c_EAbWR9G02axv5_CGoO7eAxzeRPQ5JVNP1kH3Q6ldAatDwMEDRMHc0Ie2yjIGUUsOZvxh2G5dkSHTmQ&amp;__tn__=-]K-R\">Cin\u00e9ma Le Florival Guebwiller<\/a>, le samedi 11 avril 2026 \u00e0 20h !<\/p>\n\n\n\n<p>Au programme de la soir\u00e9e :<\/p>\n\n\n\n<p><img decoding=\"async\" loading=\"lazy\" height=\"16\" width=\"16\" alt=\"\ud83c\udfac\" src=\"https:\/\/static.xx.fbcdn.net\/images\/emoji.php\/v9\/t2d\/1\/16\/1f3ac.png\"> Projection du film LABEUR DE LABOURS<\/p>\n\n\n\n<p><img decoding=\"async\" loading=\"lazy\" height=\"16\" width=\"16\" alt=\"\ud83c\udfa4\" src=\"https:\/\/static.xx.fbcdn.net\/images\/emoji.php\/v9\/t7e\/1\/16\/1f3a4.png\"> Rencontre avec la r\u00e9alisatrice<\/p>\n\n\n\n<p><img decoding=\"async\" loading=\"lazy\" height=\"16\" width=\"16\" alt=\"\ud83c\udf3e\" src=\"https:\/\/static.xx.fbcdn.net\/images\/emoji.php\/v9\/t9d\/1\/16\/1f33e.png\"> Pr\u00e9sence d\u2019agriculteurs pr\u00e9sents dans le film<\/p>\n\n\n\n<p><img decoding=\"async\" loading=\"lazy\" height=\"16\" width=\"16\" alt=\"\ud83e\udd1d\" src=\"https:\/\/static.xx.fbcdn.net\/images\/emoji.php\/v9\/t64\/1\/16\/1f91d.png\"> Participation de notre partenaire Solidarit\u00e9 Paysans Alsace<\/p>\n\n\n\n<p>\u2026et surtout <img decoding=\"async\" loading=\"lazy\" height=\"16\" width=\"16\" alt=\"\ud83d\ude0d\" src=\"https:\/\/static.xx.fbcdn.net\/images\/emoji.php\/v9\/t2\/1\/16\/1f60d.png\"><img decoding=\"async\" loading=\"lazy\" height=\"16\" width=\"16\" alt=\"\ud83d\udc47\" src=\"https:\/\/static.xx.fbcdn.net\/images\/emoji.php\/v9\/t4f\/1\/16\/1f447.png\"><\/p>\n\n\n\n<p><img decoding=\"async\" loading=\"lazy\" height=\"16\" width=\"16\" alt=\"\ud83e\udd56\" src=\"https:\/\/static.xx.fbcdn.net\/images\/emoji.php\/v9\/tb2\/1\/16\/1f956.png\"><img decoding=\"async\" loading=\"lazy\" height=\"16\" width=\"16\" alt=\"\ud83e\uddc0\" src=\"https:\/\/static.xx.fbcdn.net\/images\/emoji.php\/v9\/t3e\/1\/16\/1f9c0.png\"> UNE PAUSE GOURMANDE \u00c0 LA FIN DE LA S\u00c9ANCE<\/p>\n\n\n\n<p>Oui oui : une petite d\u00e9gustation de produits locaux, sp\u00e9cialement r\u00e9serv\u00e9e aux spectateurs du film !<\/p>\n\n\n\n<p>Parce qu\u2019un bon film + des \u00e9changes + du local \u00e0 grignoter\u2026 franchement, c\u2019est le combo parfait <img decoding=\"async\" loading=\"lazy\" height=\"16\" width=\"16\" alt=\"\ud83d\ude04\" src=\"https:\/\/static.xx.fbcdn.net\/images\/emoji.php\/v9\/td2\/1\/16\/1f604.png\"><\/p>\n\n\n\n<p><img decoding=\"async\" loading=\"lazy\" height=\"16\" width=\"16\" alt=\"\ud83c\udf9f\" src=\"https:\/\/static.xx.fbcdn.net\/images\/emoji.php\/v9\/td8\/1\/16\/1f39f.png\"> Prenez vos places ici (ne tardez pas) :<\/p>\n\n\n\n<p><a href=\"https:\/\/www.ticketingcine.com\/?EMS0341...\" target=\"_blank\" rel=\"noreferrer noopener\">https:\/\/www.ticketingcine.com\/?EMS0341&#8230;<\/a><\/p>\n\n\n\n<p>Une soir\u00e9e cin\u00e9ma engag\u00e9e, conviviale, ancr\u00e9e dans notre territoire\u2026<\/p>\n\n\n\n<p>Alors on s\u2019y retrouve ? <img decoding=\"async\" loading=\"lazy\" height=\"16\" width=\"16\" alt=\"\ud83c\udf3e\" src=\"https:\/\/static.xx.fbcdn.net\/images\/emoji.php\/v9\/t9d\/1\/16\/1f33e.png\"><img decoding=\"async\" loading=\"lazy\" height=\"16\" width=\"16\" alt=\"\ud83c\udfac\" src=\"https:\/\/static.xx.fbcdn.net\/images\/emoji.php\/v9\/t2d\/1\/16\/1f3ac.png\"><img decoding=\"async\" loading=\"lazy\" height=\"16\" width=\"16\" alt=\"\ud83d\udc9b\" src=\"https:\/\/static.xx.fbcdn.net\/images\/emoji.php\/v9\/t15\/1\/16\/1f49b.png\"><\/p>\n<\/div><\/div>\n\n\n\n<h2>Direction le cin\u00e9ma Le Cercle d&rsquo;ORBEY le samedi 4 avril \u00e0 20h30 !<\/h2>\n\n\n\n<div class=\"wp-block-media-text alignwide has-media-on-the-right is-stacked-on-mobile\"><div class=\"wp-block-media-text__content\">\n<p><img decoding=\"async\" loading=\"lazy\" height=\"16\" width=\"16\" alt=\"\ud83c\udfac\" src=\"https:\/\/static.xx.fbcdn.net\/images\/emoji.php\/v9\/t2d\/1\/16\/1f3ac.png\"><img decoding=\"async\" loading=\"lazy\" height=\"16\" width=\"16\" alt=\"\ud83c\udf3e\" src=\"https:\/\/static.xx.fbcdn.net\/images\/emoji.php\/v9\/t9d\/1\/16\/1f33e.png\"> LA TOURN\u00c9E CONTINUE ! <img decoding=\"async\" loading=\"lazy\" height=\"16\" width=\"16\" alt=\"\ud83c\udf3e\" src=\"https:\/\/static.xx.fbcdn.net\/images\/emoji.php\/v9\/t9d\/1\/16\/1f33e.png\"><img decoding=\"async\" loading=\"lazy\" height=\"16\" width=\"16\" alt=\"\ud83c\udfac\" src=\"https:\/\/static.xx.fbcdn.net\/images\/emoji.php\/v9\/t2d\/1\/16\/1f3ac.png\"><\/p>\n\n\n\n<p>Prochaine \u00e9tape pour LABEUR DE LABOURS au Cin\u00e9ma Le Cercle d&rsquo;Orbey le samedi 4 avril \u00e0 20h30 !<\/p>\n\n\n\n<p>Une nouvelle projection unique pour d\u00e9couvrir le film sur grand \u00e9cran, au c\u0153ur d\u2019un territoire qui fait pleinement \u00e9cho \u00e0 son sujet.<\/p>\n\n\n\n<p>Je serai bien s\u00fbr pr\u00e9sente pour \u00e9changer avec vous apr\u00e8s la projection, r\u00e9pondre \u00e0 vos questions et partager les coulisses de ce film docu-fiction engag\u00e9 en soutien au monde agricole.<\/p>\n\n\n\n<p>Si vous n\u2019avez pas encore vu LABEUR DE LABOURS \u2014 ou si vous souhaitez le revoir et le faire d\u00e9couvrir \u00e0 vos proches \u2014 c\u2019est le moment <img decoding=\"async\" loading=\"lazy\" height=\"16\" width=\"16\" alt=\"\ud83c\udf3e\" src=\"https:\/\/static.xx.fbcdn.net\/images\/emoji.php\/v9\/t9d\/1\/16\/1f33e.png\"><img decoding=\"async\" loading=\"lazy\" height=\"16\" width=\"16\" alt=\"\ud83c\udfac\" src=\"https:\/\/static.xx.fbcdn.net\/images\/emoji.php\/v9\/t2d\/1\/16\/1f3ac.png\"><\/p>\n\n\n\n<p>Au plaisir de vous retrouver \u00e0 Orbey !<\/p>\n<\/div><figure class=\"wp-block-media-text__media\"><img decoding=\"async\" loading=\"lazy\" width=\"724\" height=\"1024\" src=\"https:\/\/acuproduction.com\/wp-content\/uploads\/2026\/02\/Orange-and-Black-Cinema-Event-Poster-724x1024.png\" alt=\"\" class=\"wp-image-1172 size-full\" srcset=\"https:\/\/acuproduction.com\/wp-content\/uploads\/2026\/02\/Orange-and-Black-Cinema-Event-Poster-724x1024.png 724w, https:\/\/acuproduction.com\/wp-content\/uploads\/2026\/02\/Orange-and-Black-Cinema-Event-Poster-212x300.png 212w, https:\/\/acuproduction.com\/wp-content\/uploads\/2026\/02\/Orange-and-Black-Cinema-Event-Poster.png 1587w\" sizes=\"(max-width: 724px) 100vw, 724px\" \/><\/figure><\/div>\n\n\n\n<figure class=\"wp-block-embed is-type-video is-provider-youtube wp-block-embed-youtube wp-embed-aspect-16-9 wp-has-aspect-ratio\"><div class=\"wp-block-embed__wrapper\">\n<iframe loading=\"lazy\" title=\"L&#039;Avis des spectateurs ! Film Labeur de labours d&#039;Ana\u00efs Gasparini avant-premi\u00e8re du 22 novembre 2025\" width=\"950\" height=\"534\" src=\"https:\/\/www.youtube.com\/embed\/gksRA4MGkvw?feature=oembed\" frameborder=\"0\" allow=\"accelerometer; autoplay; clipboard-write; encrypted-media; gyroscope; picture-in-picture; web-share\" referrerpolicy=\"strict-origin-when-cross-origin\" allowfullscreen><\/iframe>\n<\/div><figcaption class=\"wp-element-caption\">Les avis des spectateurs <\/figcaption><\/figure>\n\n\n\n<h2>Cin\u00e9-d\u00e9bat lors du salon made in Alsace au cin\u00e9ma Le Select de S\u00e9lestat le 6 f\u00e9vrier \u00e0 20h<\/h2>\n\n\n\n<div class=\"wp-block-media-text alignwide is-stacked-on-mobile\"><figure class=\"wp-block-media-text__media\"><img decoding=\"async\" loading=\"lazy\" width=\"940\" height=\"788\" src=\"https:\/\/acuproduction.com\/wp-content\/uploads\/2026\/01\/Vendredi-6-fevrier-16h15.png\" alt=\"\" class=\"wp-image-1157 size-full\" srcset=\"https:\/\/acuproduction.com\/wp-content\/uploads\/2026\/01\/Vendredi-6-fevrier-16h15.png 940w, https:\/\/acuproduction.com\/wp-content\/uploads\/2026\/01\/Vendredi-6-fevrier-16h15-300x251.png 300w\" sizes=\"(max-width: 940px) 100vw, 940px\" \/><\/figure><div class=\"wp-block-media-text__content\">\n<p>Dans le cadre du <strong>Salon Made In Alsace \u00e0 S\u00e9lestat<\/strong>, le long-m\u00e9trage <em>Labeur de labours<\/em> a \u00e9t\u00e9 <strong>choisi comme film d\u2019ouverture et d\u2019inauguration officielle<\/strong> de l\u2019\u00e9dition 2026.<br>Une reconnaissance forte pour ce projet cin\u00e9matographique engag\u00e9, n\u00e9 et r\u00e9alis\u00e9 en Alsace.<\/p>\n\n\n\n<p>\u00c0 cette occasion, <strong>Ana\u00efs Gasparini<\/strong>, r\u00e9alisatrice du film et fondatrice d\u2019<strong>A.C.U Production<\/strong>, sera <strong>invit\u00e9e d\u2019honneur du salon<\/strong> en tant que <strong>repr\u00e9sentante du cin\u00e9ma ind\u00e9pendant en Alsace<\/strong>. Tout au long de la journ\u00e9e, elle interviendra lors de <strong>temps d\u2019\u00e9changes publics<\/strong> autour de son parcours, de son m\u00e9tier de r\u00e9alisatrice, de la cr\u00e9ation ind\u00e9pendante et de la place du cin\u00e9ma engag\u00e9 dans notre soci\u00e9t\u00e9.<\/p>\n\n\n\n<p>Le salon mettra \u00e9galement en lumi\u00e8re les <strong>enjeux agricoles et territoriaux<\/strong>, au c\u0153ur du film <em>Labeur de labours<\/em>, qui donne la parole \u00e0 des agriculteurs alsaciens et interroge, \u00e0 travers la fiction et le documentaire, la r\u00e9alit\u00e9 d\u2019un m\u00e9tier essentiel, aujourd\u2019hui plus que jamais au centre de l\u2019actualit\u00e9.<\/p>\n\n\n\n<p>La journ\u00e9e se conclura par une <strong>projection exceptionnelle du film<\/strong> :<\/p>\n\n\n\n<p>\ud83d\udccd <strong>Cin\u00e9ma Le Select \u2013 S\u00e9lestat<\/strong><br>\ud83d\uddd3 <strong>Vendredi 6 f\u00e9vrier 2026<\/strong><br>\ud83d\udd57 <strong>20h<\/strong><\/p>\n\n\n\n<p>Cette projection marquera le <strong>lancement officiel de la tourn\u00e9e 2026 du film<\/strong>, une tourn\u00e9e pens\u00e9e comme une s\u00e9rie de rencontres entre le cin\u00e9ma, les territoires et celles et ceux qui les font vivre.<\/p>\n<\/div><\/div>\n\n\n\n<h2 class=\"has-text-align-center\">Avant-premi\u00e8re \u00ab\u00a0LABEUR DE LABOURS\u00a0\u00bb <\/h2>\n\n\n\n<h3>\ud83c\udf3e Un film alsacien engag\u00e9 sur le monde agricole<\/h3>\n\n\n\n<p>Le long-m\u00e9trage <strong><em>Labeur de labours<\/em><\/strong>, r\u00e9alis\u00e9 par <strong>Ana\u00efs Gasparini<\/strong>, est sorti en <strong>avant-premi\u00e8re le samedi 22 novembre 2025 \u00e0 20h30 au Cin\u00e9-Croisi\u00e8re<\/strong>. Ce <strong>docu-fiction tourn\u00e9 en Alsace<\/strong> donne la parole \u00e0 huit agriculteurs et met en lumi\u00e8re leurs r\u00e9alit\u00e9s, leurs valeurs et leur passion du m\u00e9tier.<\/p>\n\n\n\n<figure class=\"is-layout-flex wp-block-gallery-1 wp-block-gallery has-nested-images columns-default is-cropped\">\n<figure class=\"wp-block-image size-large\"><img decoding=\"async\" loading=\"lazy\" width=\"1024\" height=\"576\" data-id=\"1137\"  src=\"https:\/\/acuproduction.com\/wp-content\/uploads\/2025\/12\/589150458_1903654911026975_4380112153827147062_n-1024x576.jpg\" alt=\"\" class=\"wp-image-1137\" srcset=\"https:\/\/acuproduction.com\/wp-content\/uploads\/2025\/12\/589150458_1903654911026975_4380112153827147062_n-1024x576.jpg 1024w, https:\/\/acuproduction.com\/wp-content\/uploads\/2025\/12\/589150458_1903654911026975_4380112153827147062_n-300x169.jpg 300w, https:\/\/acuproduction.com\/wp-content\/uploads\/2025\/12\/589150458_1903654911026975_4380112153827147062_n-2000x1125.jpg 2000w, https:\/\/acuproduction.com\/wp-content\/uploads\/2025\/12\/589150458_1903654911026975_4380112153827147062_n.jpg 2048w\" sizes=\"(max-width: 1024px) 100vw, 1024px\" \/><\/figure>\n\n\n\n<figure class=\"wp-block-image size-large\"><img decoding=\"async\" loading=\"lazy\" width=\"1024\" height=\"724\" data-id=\"1138\"  src=\"https:\/\/acuproduction.com\/wp-content\/uploads\/2025\/12\/588230979_1903654974360302_7059069754971780983_n-1024x724.jpg\" alt=\"\" class=\"wp-image-1138\" srcset=\"https:\/\/acuproduction.com\/wp-content\/uploads\/2025\/12\/588230979_1903654974360302_7059069754971780983_n-1024x724.jpg 1024w, https:\/\/acuproduction.com\/wp-content\/uploads\/2025\/12\/588230979_1903654974360302_7059069754971780983_n-300x212.jpg 300w, https:\/\/acuproduction.com\/wp-content\/uploads\/2025\/12\/588230979_1903654974360302_7059069754971780983_n.jpg 1682w\" sizes=\"(max-width: 1024px) 100vw, 1024px\" \/><\/figure>\n<\/figure>\n\n\n\n<figure class=\"is-layout-flex wp-block-gallery-3 wp-block-gallery has-nested-images columns-default is-cropped\">\n<figure class=\"wp-block-image size-large\"><img decoding=\"async\" loading=\"lazy\" width=\"951\" height=\"1024\" data-id=\"1139\"  src=\"https:\/\/acuproduction.com\/wp-content\/uploads\/2025\/12\/588533646_1904434214282378_3645016056687047717_n-951x1024.jpg\" alt=\"\" class=\"wp-image-1139\" srcset=\"https:\/\/acuproduction.com\/wp-content\/uploads\/2025\/12\/588533646_1904434214282378_3645016056687047717_n-951x1024.jpg 951w, https:\/\/acuproduction.com\/wp-content\/uploads\/2025\/12\/588533646_1904434214282378_3645016056687047717_n-278x300.jpg 278w, https:\/\/acuproduction.com\/wp-content\/uploads\/2025\/12\/588533646_1904434214282378_3645016056687047717_n.jpg 1566w\" sizes=\"(max-width: 951px) 100vw, 951px\" \/><\/figure>\n<\/figure>\n\n\n\n<figure class=\"wp-block-embed is-type-video is-provider-youtube wp-block-embed-youtube wp-embed-aspect-16-9 wp-has-aspect-ratio\"><div class=\"wp-block-embed__wrapper\">\n<iframe loading=\"lazy\" title=\"Bande annonce &quot;Labeur de labours&quot; fiction documentaire r\u00e9alis\u00e9e par Ana\u00efs Gasparini\" width=\"950\" height=\"534\" src=\"https:\/\/www.youtube.com\/embed\/PMPhrTxA8Vc?feature=oembed\" frameborder=\"0\" allow=\"accelerometer; autoplay; clipboard-write; encrypted-media; gyroscope; picture-in-picture; web-share\" referrerpolicy=\"strict-origin-when-cross-origin\" allowfullscreen><\/iframe>\n<\/div><figcaption class=\"wp-element-caption\">Bande annonce Labeur de labours <\/figcaption><\/figure>\n\n\n\n<div class=\"wp-block-media-text alignwide has-media-on-the-right is-stacked-on-mobile\"><div class=\"wp-block-media-text__content\">\n<p>\u00c0 travers le regard de <strong>Ma\u00e9va<\/strong>, une jeune citadine, <em>Labeur de labours<\/em> explore la duret\u00e9 et la beaut\u00e9 du monde agricole.<br>Lorsqu\u2019une trag\u00e9die frappe une famille d\u2019exploitants, la solidarit\u00e9 devient leur plus grande force.<br>Un film entre <strong>fiction et t\u00e9moignages r\u00e9els<\/strong>, plein d\u2019\u00e9motion et d\u2019humanit\u00e9.<\/p>\n\n\n\n<h3>\ud83d\udc9a <strong>Un premier long-m\u00e9trage fort et ind\u00e9penda<\/strong>nt<\/h3>\n\n\n\n<p>Premier long-m\u00e9trage d\u2019<strong>Ana\u00efs Gasparini<\/strong>, <em>Labeur de labours<\/em> est <strong>enti\u00e8rement auto-financ\u00e9<\/strong> et soutenu par deux partenaires :<br>\ud83c\udf3e <em>La Moisson d\u2019Antan<\/em> et \ud83e\udd1d <em>Solidarit\u00e9 Paysans de Colmar<\/em>.<\/p>\n\n\n\n<h3>\ud83c\udfb6 <strong>Musique originale<\/strong><\/h3>\n\n\n\n<p>Une bande-son in\u00e9dite compos\u00e9e par David Reyes, enregistr\u00e9e avec le No Limit Orchestra, accompagne le film et renforce sa dimension po\u00e9tique et humaine.<\/p>\n<\/div><figure class=\"wp-block-media-text__media\"><img decoding=\"async\" loading=\"lazy\" width=\"768\" height=\"1024\" src=\"https:\/\/acuproduction.com\/wp-content\/uploads\/2025\/12\/Affiche-finale-v1-3-1-768x1024.jpg\" alt=\"\" class=\"wp-image-1135 size-full\" srcset=\"https:\/\/acuproduction.com\/wp-content\/uploads\/2025\/12\/Affiche-finale-v1-3-1-768x1024.jpg 768w, https:\/\/acuproduction.com\/wp-content\/uploads\/2025\/12\/Affiche-finale-v1-3-1-225x300.jpg 225w, https:\/\/acuproduction.com\/wp-content\/uploads\/2025\/12\/Affiche-finale-v1-3-1-2000x2666.jpg 2000w, https:\/\/acuproduction.com\/wp-content\/uploads\/2025\/12\/Affiche-finale-v1-3-1-scaled.jpg 1920w\" sizes=\"(max-width: 768px) 100vw, 768px\" \/><\/figure><\/div>\n","protected":false},"excerpt":{"rendered":"<p>Le film arrive dans la vall\u00e9e de Guebwiller le samedi 11 avril \u00e0 20h ! Vous n\u2019avez pas encore vu LABEUR DE LABOURS ? La tourn\u00e9e continue et on vous donne rendez-vous dans un cin\u00e9ma au programme ultra vivant : le Cin\u00e9ma Le Florival Guebwiller, le samedi 11 avril 2026 \u00e0 20h ! Au programme &hellip; <\/p>\n<p class=\"link-more\"><a href=\"https:\/\/acuproduction.com\/index.php\/sorties-cinema\/\" class=\"more-link\">Lire la suite de<span class=\"screen-reader-text\">\u00ab\u00a0Sorties cin\u00e9ma\u00a0\u00bb<\/span><\/a><\/p>\n","protected":false},"author":1,"featured_media":0,"parent":0,"menu_order":0,"comment_status":"closed","ping_status":"closed","template":"","meta":[],"featured_media_urls":[],"_links":{"self":[{"href":"https:\/\/acuproduction.com\/index.php\/wp-json\/wp\/v2\/pages\/1013"}],"collection":[{"href":"https:\/\/acuproduction.com\/index.php\/wp-json\/wp\/v2\/pages"}],"about":[{"href":"https:\/\/acuproduction.com\/index.php\/wp-json\/wp\/v2\/types\/page"}],"author":[{"embeddable":true,"href":"https:\/\/acuproduction.com\/index.php\/wp-json\/wp\/v2\/users\/1"}],"replies":[{"embeddable":true,"href":"https:\/\/acuproduction.com\/index.php\/wp-json\/wp\/v2\/comments?post=1013"}],"version-history":[{"count":22,"href":"https:\/\/acuproduction.com\/index.php\/wp-json\/wp\/v2\/pages\/1013\/revisions"}],"predecessor-version":[{"id":1206,"href":"https:\/\/acuproduction.com\/index.php\/wp-json\/wp\/v2\/pages\/1013\/revisions\/1206"}],"wp:attachment":[{"href":"https:\/\/acuproduction.com\/index.php\/wp-json\/wp\/v2\/media?parent=1013"}],"curies":[{"name":"wp","href":"https:\/\/api.w.org\/{rel}","templated":true}]}}